{"id":1371,"date":"2020-08-30T10:57:52","date_gmt":"2020-08-30T10:57:52","guid":{"rendered":"http:\/\/healthtourismcenterturkey.com\/?page_id=1371"},"modified":"2020-09-12T17:11:45","modified_gmt":"2020-09-12T17:11:45","slug":"bebeklerde-katarakt","status":"publish","type":"page","link":"https:\/\/healthtourismcenterturkey.com\/tr_tr\/goz-ameliyatlari\/goz-hastaliklari\/bebeklerde-katarakt\/","title":{"rendered":"Bebeklerde Katarakt"},"content":{"rendered":"<div class=\"row pt-80\">\n<div class=\"col-12 col-lg-6\">\n<h1 class=\"font__family-montserrat font__size-28 line__height-32 text-uppercase mb-35\"><\/h1>\n<p class=\"brk-dark-font-color font__size-16 font__weight-normal line__height-26 mb-10\"><span style=\"font-size: 14pt;\">G\u00f6z bebe\u011fi, g\u00f6z\u00fcn renkli k\u0131sm\u0131n\u0131n ortas\u0131ndaki siyah k\u0131sma verilen isimdir. Sa\u011fl\u0131kl\u0131 t\u00fcm bebeklerde, \u00e7ocuklarda ve yeti\u015fkinlerde g\u00f6z bebe\u011fi siyah renktedir. G\u00f6zbebe\u011finin farkl\u0131 renkler olan beyaz, gri ve sar\u0131 vb. renklere d\u00f6n\u00fc\u015fmesi bebek ve \u00e7ocuklarda \u00f6nemli g\u00f6z hastal\u0131klar\u0131n\u0131n habercisi olabilir.<\/span><\/p>\n<h3 class=\"brk-dark-font-color font__size-16 font__weight-normal line__height-26\"><span class=\"font__weight-light\">Bebeklerde ve \u00c7ocuklarda G\u00f6z Bebe\u011fi Beyazl\u0131\u011f\u0131 Hangi Hastal\u0131klarda Olu\u015fur?<\/span><\/h3>\n<p class=\"brk-dark-font-color font__size-16 font__weight-normal line__height-26 mb-10\"><span style=\"font-size: 14pt;\">Bebeklerde ve \u00e7ocuklarda g\u00f6z bebe\u011fi beyazl\u0131\u011f\u0131 \u00e7e\u015fitli g\u00f6z hastal\u0131klar\u0131 sebebi ile olu\u015fabilmektedir. Bebeklerde ve \u00e7ocuklarda g\u00f6z beyazl\u0131\u011f\u0131n\u0131n sebepleri aras\u0131nda katarakt en s\u0131k rastlan\u0131lan rahats\u0131zl\u0131kt\u0131r. Daha sonras\u0131nda g\u00f6z t\u00fcm\u00f6rleri, g\u00f6z enfeksiyonlar\u0131, geli\u015fim bozukluklar\u0131 ve di\u011fer unsurlar dikkat edilmesi gereken durumlard\u0131r.<\/span><\/p>\n<h1 class=\"brk-dark-font-color font__size-16 font__weight-normal line__height-26\"><span class=\"font__weight-light\">Bebeklerde ve \u00c7ocuklarda Katarakt<\/span><\/h1>\n<p class=\"brk-dark-font-color font__size-16 font__weight-normal line__height-26 mb-10\"><span style=\"font-size: 14pt;\">Bebeklerde do\u011fu\u015ftan g\u00f6zlemlenen konjenital katarakt ad\u0131 verilen bir katarakt t\u00fcr\u00fc vard\u0131r. Bu katarakt t\u00fcr\u00fcn\u00fcn d\u0131\u015f\u0131nda \u00e7e\u015fitli travma durumlar\u0131 ve metabolik sorunlar sebebi ile de katarakt geli\u015febilmektedir. Erken te\u015fhis edilmezse, g\u00f6rme kay\u0131plar\u0131na, kontrols\u00fcz g\u00f6z hareketlerine ve \u015fa\u015f\u0131l\u0131k durumuna sebep olabilmektedir.<\/span><\/p>\n<p>&nbsp;<\/p>\n<h1 class=\"brk-dark-font-color font__size-16 font__weight-normal line__height-26\"><span class=\"font__weight-light\">Bebeklerde ve \u00c7ocuklarda G\u00f6z T\u00fcm\u00f6rleri<\/span><\/h1>\n<p class=\"brk-dark-font-color font__size-16 font__weight-normal line__height-26 mb-10\"><span style=\"font-size: 14pt;\">Pek \u00e7ok g\u00f6z t\u00fcm\u00f6r\u00fcn\u00fcn yan\u0131 s\u0131ra retinoblastom ad\u0131 verilen malign (k\u00f6t\u00fc huylu) g\u00f6z t\u00fcm\u00f6rleri de g\u00f6z bebe\u011fi beyazl\u0131\u011f\u0131n\u0131n habercisi olabilir.<\/span><\/p>\n<h1 class=\"brk-dark-font-color font__size-16 font__weight-normal line__height-26\"><span class=\"font__weight-light\">G\u00f6z Bebe\u011fi Enfeksiyonlar\u0131<\/span><\/h1>\n<p class=\"brk-dark-font-color font__size-16 font__weight-normal line__height-26 mb-10\"><span style=\"font-size: 14pt;\">\u00c7e\u015fitli patojenlerden kaynakl\u0131 (vir\u00fcsler, bakteriler, parazitler) enfeksiyonlar g\u00f6z bebe\u011finin beyazlamas\u0131na sebep olabilmektedirler.<\/span><\/p>\n<\/div>\n<div class=\"col-12 col-lg-6\"><img loading=\"lazy\" decoding=\"async\" class=\"alignnone size-full wp-image-1585\" src=\"http:\/\/healthtourismcenterturkey.com\/wp-content\/uploads\/2020\/09\/585x678_20.jpg\" alt=\"\" width=\"585\" height=\"678\" srcset=\"https:\/\/healthtourismcenterturkey.com\/wp-content\/uploads\/2020\/09\/585x678_20.jpg 585w, https:\/\/healthtourismcenterturkey.com\/wp-content\/uploads\/2020\/09\/585x678_20-259x300.jpg 259w\" sizes=\"(max-width: 585px) 100vw, 585px\" \/><\/div>\n<\/div>\n<div class=\"overflow-hid position-static position-lg-relative pb-100\">\n<p>&nbsp;<\/p>\n<h1 class=\"brk-dark-font-color font__size-16 font__weight-normal line__height-26\"><span class=\"font__weight-light\">Bebeklerde \u00c7ocuklarda Geli\u015fim Bozukluklar\u0131<\/span><\/h1>\n<p class=\"brk-dark-font-color font__size-16 font__weight-normal line__height-26 mb-10\"><span style=\"font-size: 14pt;\">G\u00f6rme duyumuz olan g\u00f6z, hamilelik d\u00f6neminde olu\u015fur ve geli\u015fir. Hamilelik d\u00f6neminde kullan\u0131lan ila\u00e7lar, metabolik sorunlar, erken do\u011fum vb. durumlar g\u00f6zde ciddi anomalilere sebep olabilmektedir.<\/span><\/p>\n<h1 class=\"brk-dark-font-color font__size-16 font__weight-normal line__height-26\"><span class=\"font__weight-light\">Bebeklerde \u00c7ocuklarda Di\u011fer G\u00f6z Bebe\u011fi Beyazl\u0131\u011f\u0131 Hastal\u0131klar\u0131<\/span><\/h1>\n<p class=\"brk-dark-font-color font__size-16 font__weight-normal line__height-26 mb-10\"><span style=\"font-size: 14pt;\">G\u00f6z\u00fcn sinir tabakas\u0131 sorunlar\u0131, g\u00f6z kapiller (k\u0131lcal) damarlar\u0131n\u0131n sorunlar\u0131, g\u00f6z i\u00e7i kanamalar\u0131 vb. pek \u00e7ok durum g\u00f6z bebe\u011finin beyazlamas\u0131na sebep olabilmektedir.<\/span><\/p>\n<\/div>\n<p>&nbsp;<\/p>\n","protected":false},"excerpt":{"rendered":"<p>G\u00f6z bebe\u011fi, g\u00f6z\u00fcn renkli k\u0131sm\u0131n\u0131n ortas\u0131ndaki siyah k\u0131sma verilen isimdir. Sa\u011fl\u0131kl\u0131 t\u00fcm bebeklerde, \u00e7ocuklarda ve yeti\u015fkinlerde g\u00f6z bebe\u011fi siyah renktedir. G\u00f6zbebe\u011finin farkl\u0131 renkler olan beyaz, gri ve sar\u0131 vb. renklere d\u00f6n\u00fc\u015fmesi bebek ve \u00e7ocuklarda \u00f6nemli g\u00f6z hastal\u0131klar\u0131n\u0131n habercisi olabilir. Bebeklerde ve \u00c7ocuklarda G\u00f6z Bebe\u011fi Beyazl\u0131\u011f\u0131 Hangi Hastal\u0131klarda Olu\u015fur? Bebeklerde ve \u00e7ocuklarda g\u00f6z bebe\u011fi beyazl\u0131\u011f\u0131 \u00e7e\u015fitli [&hellip;]<\/p>\n","protected":false},"author":2,"featured_media":0,"parent":1292,"menu_order":0,"comment_status":"closed","ping_status":"closed","template":"","meta":{"footnotes":""},"class_list":["post-1371","page","type-page","status-publish","hentry"],"acf":[],"_links":{"self":[{"href":"https:\/\/healthtourismcenterturkey.com\/tr_tr\/wp-json\/wp\/v2\/pages\/1371"}],"collection":[{"href":"https:\/\/healthtourismcenterturkey.com\/tr_tr\/wp-json\/wp\/v2\/pages"}],"about":[{"href":"https:\/\/healthtourismcenterturkey.com\/tr_tr\/wp-json\/wp\/v2\/types\/page"}],"author":[{"embeddable":true,"href":"https:\/\/healthtourismcenterturkey.com\/tr_tr\/wp-json\/wp\/v2\/users\/2"}],"replies":[{"embeddable":true,"href":"https:\/\/healthtourismcenterturkey.com\/tr_tr\/wp-json\/wp\/v2\/comments?post=1371"}],"version-history":[{"count":10,"href":"https:\/\/healthtourismcenterturkey.com\/tr_tr\/wp-json\/wp\/v2\/pages\/1371\/revisions"}],"predecessor-version":[{"id":1867,"href":"https:\/\/healthtourismcenterturkey.com\/tr_tr\/wp-json\/wp\/v2\/pages\/1371\/revisions\/1867"}],"up":[{"embeddable":true,"href":"https:\/\/healthtourismcenterturkey.com\/tr_tr\/wp-json\/wp\/v2\/pages\/1292"}],"wp:attachment":[{"href":"https:\/\/healthtourismcenterturkey.com\/tr_tr\/wp-json\/wp\/v2\/media?parent=1371"}],"curies":[{"name":"wp","href":"https:\/\/api.w.org\/{rel}","templated":true}]}}