{"id":1365,"date":"2020-08-30T10:16:33","date_gmt":"2020-08-30T10:16:33","guid":{"rendered":"http:\/\/healthtourismcenterturkey.com\/?page_id=1365"},"modified":"2020-09-12T17:04:08","modified_gmt":"2020-09-12T17:04:08","slug":"gece-korlugu","status":"publish","type":"page","link":"https:\/\/healthtourismcenterturkey.com\/tr_tr\/goz-ameliyatlari\/goz-hastaliklari\/gece-korlugu\/","title":{"rendered":"Gece K\u00f6rl\u00fc\u011f\u00fc"},"content":{"rendered":"<div class=\"col-12 col-lg-6\">\n<h1 class=\"font__family-montserrat font__size-28 line__height-32 text-uppercase mb-35\"><span class=\"font__weight-light\">GECE K\u00d6RL\u00dc\u011e\u00dc TEDAV\u0130S\u0130<\/span><\/h1>\n<p class=\"brk-dark-font-color font__size-16 font__weight-normal line__height-26 mb-10\"><span style=\"font-size: 14pt;\">Latince retinis pigmentosa olarak adland\u0131r\u0131lan gece k\u00f6rl\u00fc\u011f\u00fc halk aras\u0131nda, tavuk karas\u0131 olarak da bilinmektedir. Toplumda g\u00f6r\u00fclme s\u0131kl\u0131\u011f\u0131 %1\u2019in alt\u0131nda olan, genetik ge\u00e7i\u015fle yani ailesel yatk\u0131nl\u0131\u011fa ba\u011fl\u0131 olarak olu\u015fabilen bir g\u00f6z rahats\u0131zl\u0131\u011f\u0131d\u0131r.<\/span><\/p>\n<p class=\"brk-dark-font-color font__size-16 font__weight-normal line__height-26 mb-10\"><span style=\"font-size: 14pt;\">G\u00f6z\u00fcn i\u00e7 k\u0131sm\u0131n\u0131 kaplayan retina ad\u0131 verilen tabakada g\u00f6rmemizi sa\u011flayan g\u00f6rme h\u00fccreleri yer almaktad\u0131r. Bu h\u00fccrelerden \u00f6zelle\u015fmi\u015f olan \u201crod\u201d ad\u0131 verilen h\u00fccreler, karanl\u0131k ortamda nesneleri g\u00f6rmemizi ve ay\u0131rt etmemiz ve geceleri g\u00f6rmemizi sa\u011flarlar.<\/span><\/p>\n<p class=\"brk-dark-font-color font__size-16 font__weight-normal line__height-26 mb-10\"><span style=\"font-size: 14pt;\">Gece k\u00f6rl\u00fc\u011f\u00fc rahats\u0131zl\u0131\u011f\u0131 \u201crod\u201d ad\u0131 verilen bu h\u00fccrelerin genetik ge\u00e7i\u015fle tahrip olmas\u0131, do\u011fum \u00f6ncesi s\u00fcre\u00e7te do\u011fru olu\u015fmamas\u0131 sebebi ile bozulmas\u0131 ile olu\u015fmaktad\u0131r.<\/span><\/p>\n<p><img loading=\"lazy\" decoding=\"async\" class=\"alignnone size-full wp-image-1554\" src=\"http:\/\/healthtourismcenterturkey.com\/wp-content\/uploads\/2020\/09\/585x678_2-18.jpg\" alt=\"\" width=\"585\" height=\"678\" srcset=\"https:\/\/healthtourismcenterturkey.com\/wp-content\/uploads\/2020\/09\/585x678_2-18.jpg 585w, https:\/\/healthtourismcenterturkey.com\/wp-content\/uploads\/2020\/09\/585x678_2-18-259x300.jpg 259w\" sizes=\"(max-width: 585px) 100vw, 585px\" \/><\/p>\n<h1 class=\"brk-dark-font-color font__size-16 font__weight-normal line__height-26\"><span class=\"font__weight-light\">Nas\u0131l Fark Edilir?<\/span><\/h1>\n<p class=\"brk-dark-font-color font__size-16 font__weight-normal line__height-26 mb-10\"><span style=\"font-size: 14pt;\">Gece k\u00f6rl\u00fc\u011f\u00fc \u00f6zellikle \u00e7ocukluk ya\u015flar\u0131nda farkedilmektedir. \u00d6zellikle ak\u015fam ve gece saatlerinde \u0131\u015f\u0131\u011f\u0131n az oldu\u011fu durumlarda \u00e7ocuklar\u0131n nesnelere \u00e7arpmas\u0131 ve d\u00fc\u015fmesi sonucu ailelerin dikkatiyle farkedilmektedir.<\/span><\/p>\n<h1 class=\"brk-dark-font-color font__size-16 font__weight-normal line__height-26\"><span class=\"font__weight-light\">Tan\u0131s\u0131 Nas\u0131l Konulur?<\/span><\/h1>\n<p class=\"brk-dark-font-color font__size-16 font__weight-normal line__height-26 mb-10\"><span style=\"font-size: 14pt;\">Tan\u0131 i\u00e7in mutlaka bir g\u00f6z hekimi kontrol\u00fc gereklidir. G\u00f6z doktoru g\u00f6z dibi muayenesi ile varsa gece k\u00f6rl\u00fc\u011f\u00fc tan\u0131y\u0131 koyabilir, daha ileri bir tetkik olan ERG ad\u0131 verilen test ile kesin tan\u0131 konulabilmektedir.<\/span><\/p>\n<\/div>\n<div class=\"col-12 col-lg-6\"><\/div>\n<p>&nbsp;<\/p>\n","protected":false},"excerpt":{"rendered":"<p>GECE K\u00d6RL\u00dc\u011e\u00dc TEDAV\u0130S\u0130 Latince retinis pigmentosa olarak adland\u0131r\u0131lan gece k\u00f6rl\u00fc\u011f\u00fc halk aras\u0131nda, tavuk karas\u0131 olarak da bilinmektedir. Toplumda g\u00f6r\u00fclme s\u0131kl\u0131\u011f\u0131 %1\u2019in alt\u0131nda olan, genetik ge\u00e7i\u015fle yani ailesel yatk\u0131nl\u0131\u011fa ba\u011fl\u0131 olarak olu\u015fabilen bir g\u00f6z rahats\u0131zl\u0131\u011f\u0131d\u0131r. G\u00f6z\u00fcn i\u00e7 k\u0131sm\u0131n\u0131 kaplayan retina ad\u0131 verilen tabakada g\u00f6rmemizi sa\u011flayan g\u00f6rme h\u00fccreleri yer almaktad\u0131r. Bu h\u00fccrelerden \u00f6zelle\u015fmi\u015f olan \u201crod\u201d ad\u0131 verilen [&hellip;]<\/p>\n","protected":false},"author":2,"featured_media":0,"parent":1292,"menu_order":0,"comment_status":"closed","ping_status":"closed","template":"","meta":{"footnotes":""},"class_list":["post-1365","page","type-page","status-publish","hentry"],"acf":[],"_links":{"self":[{"href":"https:\/\/healthtourismcenterturkey.com\/tr_tr\/wp-json\/wp\/v2\/pages\/1365"}],"collection":[{"href":"https:\/\/healthtourismcenterturkey.com\/tr_tr\/wp-json\/wp\/v2\/pages"}],"about":[{"href":"https:\/\/healthtourismcenterturkey.com\/tr_tr\/wp-json\/wp\/v2\/types\/page"}],"author":[{"embeddable":true,"href":"https:\/\/healthtourismcenterturkey.com\/tr_tr\/wp-json\/wp\/v2\/users\/2"}],"replies":[{"embeddable":true,"href":"https:\/\/healthtourismcenterturkey.com\/tr_tr\/wp-json\/wp\/v2\/comments?post=1365"}],"version-history":[{"count":4,"href":"https:\/\/healthtourismcenterturkey.com\/tr_tr\/wp-json\/wp\/v2\/pages\/1365\/revisions"}],"predecessor-version":[{"id":1860,"href":"https:\/\/healthtourismcenterturkey.com\/tr_tr\/wp-json\/wp\/v2\/pages\/1365\/revisions\/1860"}],"up":[{"embeddable":true,"href":"https:\/\/healthtourismcenterturkey.com\/tr_tr\/wp-json\/wp\/v2\/pages\/1292"}],"wp:attachment":[{"href":"https:\/\/healthtourismcenterturkey.com\/tr_tr\/wp-json\/wp\/v2\/media?parent=1365"}],"curies":[{"name":"wp","href":"https:\/\/api.w.org\/{rel}","templated":true}]}}