{"id":1024,"date":"2020-07-30T18:20:07","date_gmt":"2020-07-30T18:20:07","guid":{"rendered":"http:\/\/healthtourismcenterturkey.com\/?page_id=1024"},"modified":"2022-03-24T19:04:29","modified_gmt":"2022-03-24T19:04:29","slug":"kas-ekimi","status":"publish","type":"page","link":"https:\/\/healthtourismcenterturkey.com\/tr_tr\/sac-ekimi\/kas-ekimi\/","title":{"rendered":"Ka\u015f Ekimi"},"content":{"rendered":"<h1 class=\"vc_custom_heading font-weight-bold letter-spacing-1 vc_custom_1545747716935\">Ka\u015f Ekimi Nedir? Nas\u0131l Yap\u0131l\u0131r?<\/h1>\n<p class=\"vc_custom_heading vc_custom_1545747733750\"><span style=\"font-size: 14pt;\">Ka\u015f Ekimi, estetik a\u00e7\u0131dan en zorlu prosed\u00fcrlerden biridir, ancak uzmanlar taraf\u0131ndan yap\u0131ld\u0131\u011f\u0131nda etkileyici bir sonu\u00e7 verebilir. Ka\u015f nakli cerrahisi, v\u00fccudun ba\u015fka bir k\u0131sm\u0131ndan sa\u00e7 almay\u0131 ve onu ka\u015f b\u00f6lgesine nakledilmesini i\u00e7erir. Sa\u011fl\u0131kl\u0131 folik\u00fcller don\u00f6r alan\u0131ndan, tipik olarak ba\u015f\u0131n arkas\u0131ndan toplan\u0131r ve istenen ka\u015f \u015feklini olu\u015fturmak \u00fczere transfer edilir. Ka\u015flar y\u00fcz\u00fc \u015fekillendirdi\u011fi i\u00e7in \u00e7ok \u00f6nemlidir. Ka\u015flar\u0131n kaybedilmesinin, a\u015f\u0131r\u0131 kanama, hastal\u0131k, travma, skarla\u015fma ve genetik gibi bir\u00e7ok etkeni olabilir.<\/span><\/p>\n<div class=\"wpb_single_image wpb_content_element vc_align_left vc_custom_1545748419467\">\n<figure class=\"wpb_wrapper vc_figure\">\n<div class=\"vc_single_image-wrapper vc_box_border_grey\"><img loading=\"lazy\" decoding=\"async\" class=\"alignnone size-full wp-image-2195\" src=\"https:\/\/healthtourismcenterturkey.com\/wp-content\/uploads\/2022\/03\/kas-ekimi-sonrasi-min.png\" alt=\"\" width=\"818\" height=\"400\" srcset=\"https:\/\/healthtourismcenterturkey.com\/wp-content\/uploads\/2022\/03\/kas-ekimi-sonrasi-min.png 818w, https:\/\/healthtourismcenterturkey.com\/wp-content\/uploads\/2022\/03\/kas-ekimi-sonrasi-min-300x147.png 300w, https:\/\/healthtourismcenterturkey.com\/wp-content\/uploads\/2022\/03\/kas-ekimi-sonrasi-min-768x376.png 768w\" sizes=\"(max-width: 818px) 100vw, 818px\" \/><\/div>\n<\/figure>\n<\/div>\n<p class=\"vc_custom_heading vc_custom_1545747747215\"><span style=\"font-size: 14pt;\">Ka\u015f ekimi i\u015flemleri de t\u0131pk\u0131 di\u011fer k\u0131l k\u00f6k\u00fc nakil i\u015flemleri gibi belli bir tasar\u0131m a\u015famas\u0131na sahiptir. \u00d6zellikle de hastan\u0131n nas\u0131l bir sonu\u00e7 istedi\u011fi ile do\u011fru orant\u0131l\u0131 olarak olu\u015fturulan tasar\u0131mlar, doktor ve hastan\u0131n konu\u015fmas\u0131 s\u0131ras\u0131nda masaya yat\u0131r\u0131l\u0131r. E\u011fer her \u015feyden emin olunmu\u015f ise genel g\u00f6r\u00fcn\u00fcm detayland\u0131r\u0131larak hastaya sunulur. Bu \u015fekilde ilk a\u015fama ge\u00e7ilmi\u015f olur. Burada hasta ile uzman doktorun ili\u015fkisi, her detay\u0131n payla\u015f\u0131lmas\u0131 olduk\u00e7a \u00f6nemlidir.<\/span><\/p>\n<div class=\"rt-separator element-one\" data-separator-width=\"100%\" data-separator-color=\"#000000\" data-separator-background=\"#ffffff\" data-separator-direction=\"center\">\n<div class=\"block\">\n<div class=\"gap\"><\/div>\n<div class=\"bar\"><\/div>\n<\/div>\n<\/div>\n<p>&nbsp;<\/p>\n<h1 class=\"vc_custom_heading font-weight-semibold vc_custom_1545747767499\">Ka\u015f Ekiminde FUE Y\u00f6ntemi<\/h1>\n<p class=\"vc_custom_heading vc_custom_1545747778763\"><span style=\"font-size: 14pt;\">Daha \u00e7ok sa\u00e7 ekimi i\u015flemlerinde kar\u015f\u0131la\u015f\u0131lan FUE y\u00f6ntemi, genel anlamda pek \u00e7ok farkl\u0131 k\u0131l k\u00f6k\u00fc nakli i\u00e7in de\u011ferlendirilebilir. \u00d6zellikle de ka\u015f ekimi i\u015flemlerinde s\u0131k\u00e7a tercih edilen bu y\u00f6ntem, olduk\u00e7a pratik ve bir o kadar da ba\u015far\u0131l\u0131d\u0131r. Uzmanlar\u0131n da tavsiye etti\u011fi FUE y\u00f6ntemi sayesinde kal\u0131c\u0131 sonu\u00e7lar en etkileyici bi\u00e7imde kendini g\u00f6sterecektir.<\/span><\/p>\n<div class=\"vc_row wpb_row vc_inner vc_row-fluid vc_custom_1545478509233\">\n<div class=\"wpb_column vc_column_container vc_col-sm-12 vc_col-has-fill\">\n<div class=\"vc_column-inner vc_custom_1545478117371\">\n<div class=\"wpb_wrapper\">\n<p>&nbsp;<\/p>\n<h1 class=\"vc_custom_heading vc_custom_1545749335907\">Operasyon Sonras\u0131 \u0130yile\u015fme D\u00f6nemi<\/h1>\n<p class=\"vc_custom_heading vc_custom_1545747817115\"><span style=\"font-size: 14pt;\">Ka\u015f ekimi i\u015flemlerinin operasyon sonras\u0131 bak\u0131m d\u00f6nemi \u00e7ok kritiktir. Bu d\u00f6nemde do\u011fru ad\u0131mlar\u0131n at\u0131lmas\u0131yla arzu edilen g\u00f6r\u00fcnt\u00fcye sahip olmak m\u00fcmk\u00fcn olurken, bak\u0131m konusunda hassas davranmak ise en kritik konular aras\u0131nda gelir. Operasyonun 2 ila 4 saat aras\u0131nda ger\u00e7ekle\u015fece\u011fi durumu s\u00f6z konusu iken, i\u015flem sonras\u0131nda y\u0131kamalar\u0131n ise ilk 24 saati atlatt\u0131ktan sonra yava\u015f yava\u015f yap\u0131labilmesi tavsiyesi dikkat \u00e7eker. Operasyon esnas\u0131nda jilet ya da b\u0131\u00e7ak yaras\u0131 gibi ki\u015fide iyile\u015fmesi zor olan m\u00fcdahaleler yap\u0131lmad\u0131\u011f\u0131 i\u00e7in operasyon sonras\u0131nda sosyal hayat k\u0131s\u0131tlanmaz. Ola\u011fan i\u015fler devam ettirilebilirken, sadece ekim yap\u0131lan b\u00f6lgenin zorlanmamas\u0131na, fiziki anlamda bu b\u00f6lgenin bir bask\u0131 ya da temas ile hasar almamas\u0131na dikkat edilir. Bunlar haricinde mutlaka ki uzmanlar\u0131n verdi\u011fi tavsiyelere uymak gerekmektedir. Ancak bu sayede daha h\u0131zl\u0131 ve tam bir iyile\u015fme hali s\u00f6z konusu olur.<\/span><\/p>\n<\/div>\n<\/div>\n<\/div>\n<\/div>\n<p class=\"vc_custom_heading vc_custom_1545747831403\"><span style=\"font-size: 14pt;\">Ka\u015f ekimi i\u015fleminde yayg\u0131n metot FUE tekni\u011fidir. Bu teknik uygulamas\u0131 esnas\u0131nda 0,7 mm \u00e7a\u011f\u0131nda bir i\u011fne kullan\u0131lmaktad\u0131r. S\u00f6z konusu i\u011fnenin deriye bat\u0131r\u0131l\u0131p delik a\u00e7mas\u0131 sa\u011flan\u0131rken, k\u0131l k\u00f6k\u00fc de bu deli\u011fin i\u00e7ine yerle\u015ftirilir. Buradaki tek ac\u0131 verici olan unsur, i\u011fnenin deriye bat\u0131r\u0131lmas\u0131 olabilir; ancak zaten operasyonun ba\u015f\u0131nda lokal anestezi yap\u0131ld\u0131\u011f\u0131 i\u00e7in i\u015flemler s\u0131ras\u0131nda hi\u00e7bir a\u011fr\u0131, s\u0131z\u0131 ya da ac\u0131 duyulmaz.<\/span><\/p>\n<div class=\"rt-separator element-one\" data-separator-width=\"100%\" data-separator-color=\"#000000\" data-separator-background=\"#ffffff\" data-separator-direction=\"center\">\n<div class=\"block\">\n<div class=\"gap\"><\/div>\n<div class=\"bar\"><\/div>\n<\/div>\n<\/div>\n<p>&nbsp;<\/p>\n<h1 class=\"vc_custom_heading font-weight-semibold vc_custom_1545747853291\">Ka\u015f Ekimi \u0130\u015flemlerinden Sonra De\u011fi\u015fiklik M\u00fcmk\u00fcn m\u00fc?<\/h1>\n<p class=\"vc_custom_heading vc_custom_1545747870851\"><span style=\"font-size: 14pt;\">Evet, hastalar ilk 12 g\u00fcn i\u00e7inde \u00e7e\u015fitli de\u011fi\u015fiklikler i\u00e7in uzmanlara ba\u015fvurabilirler. E\u011fer ki ka\u015flar\u0131n kimi noktalar\u0131nda k\u0131llar hastaya g\u00f6re fazla olmu\u015fsa ya da tam tersi olarak eksik ve az olarak ekilen k\u0131llardan dolay\u0131 hayal edilen g\u00f6r\u00fcnt\u00fc olu\u015fmam\u0131\u015fsa 12 g\u00fcn i\u00e7inde uzmanlar\u0131n de\u011fi\u015fiklik yapmas\u0131 m\u00fcmk\u00fcn olur. Bu s\u00fcre, ameliyat\u0131n etkisinden kaynakl\u0131d\u0131r ve keyfi de\u011fildir. Yani, kimi hastalarda 12. g\u00fcn i\u00e7inde de\u011fi\u015fiklik zora girebilirken, kimi hastalarda ise 15. g\u00fcnde dahi de\u011fi\u015fiklik s\u00f6z konusu olabilir. Bu s\u00fcre\u00e7 tamamen ki\u015finin iyile\u015fme evreleri ve b\u00fcnyesinin ka\u015f ekimini ne h\u0131zda kabul etti\u011fi ile ilgilidir.<\/span><\/p>\n<div class=\"rt-separator element-one\" data-separator-width=\"100%\" data-separator-color=\"#000000\" data-separator-background=\"#ffffff\" data-separator-direction=\"center\">\n<div class=\"block\">\n<div class=\"gap\"><\/div>\n<div class=\"bar\"><\/div>\n<\/div>\n<\/div>\n<p>&nbsp;<\/p>\n<h1 class=\"vc_custom_heading font-weight-semibold vc_custom_1545747907199\">Ekilen Ka\u015flar\u0131n D\u00f6k\u00fclmesi, \u015eok D\u00f6k\u00fclme S\u00fcreci<\/h1>\n<p class=\"vc_custom_heading vc_custom_1545747915999\"><span style=\"font-size: 14pt;\">Her k\u0131l k\u00f6k\u00fc naklinde \u015fok d\u00f6k\u00fclme s\u00fcreci ya\u015fan\u0131r. Bu s\u00fcre\u00e7 ka\u015f ekimi i\u00e7in de ge\u00e7erlidir. Ekilen ka\u015flar\u0131n ard\u0131ndan ani bir d\u00f6k\u00fclme g\u00f6r\u00fclecek, s\u00f6z konusu d\u00f6k\u00fclmeler 2. hafta ile 6. hafta aras\u0131nda ger\u00e7ekle\u015febilecektir. Hastalar bu durumdan korkmamal\u0131 ve umutsuzlu\u011fa kap\u0131lmamal\u0131d\u0131r. \u00d6yle ki bu \u015fok d\u00f6k\u00fclme s\u00fcrecinde ekilen ka\u015flar\u0131n tamam\u0131 dahi d\u00f6k\u00fclebilir. Ancak aradan ge\u00e7en 3 ay sonras\u0131nda k\u0131l k\u00f6kleri yeniden geli\u015fecek ve ka\u015flar uzamaya ba\u015flayacakt\u0131r. Burada dikkat edilmesi gereken bir di\u011fer nokta da kimi hastalarda 3 ay ile 8 ay aras\u0131nda bir s\u00fcrede yeniden ka\u015f \u00e7\u0131kmas\u0131 durumunun g\u00f6zlemlenebilmesidir. Yani 3 ay net olarak s\u00f6ylenememekle beraber, 8. aya kadar bu s\u00fcre\u00e7 uzayabilir. Ameliyat sonras\u0131ndaki 1 y\u0131ll\u0131k s\u00fcre\u00e7 i\u00e7inde ka\u015flar normale d\u00f6necek, sorunlar ortadan kaybolacakt\u0131r.<\/span><\/p>\n<p>&nbsp;<\/p>\n","protected":false},"excerpt":{"rendered":"<p>Ka\u015f Ekimi Nedir? Nas\u0131l Yap\u0131l\u0131r? Ka\u015f Ekimi, estetik a\u00e7\u0131dan en zorlu prosed\u00fcrlerden biridir, ancak uzmanlar taraf\u0131ndan yap\u0131ld\u0131\u011f\u0131nda etkileyici bir sonu\u00e7 verebilir. Ka\u015f nakli cerrahisi, v\u00fccudun ba\u015fka bir k\u0131sm\u0131ndan sa\u00e7 almay\u0131 ve onu ka\u015f b\u00f6lgesine nakledilmesini i\u00e7erir. Sa\u011fl\u0131kl\u0131 folik\u00fcller don\u00f6r alan\u0131ndan, tipik olarak ba\u015f\u0131n arkas\u0131ndan toplan\u0131r ve istenen ka\u015f \u015feklini olu\u015fturmak \u00fczere transfer edilir. Ka\u015flar y\u00fcz\u00fc [&hellip;]<\/p>\n","protected":false},"author":2,"featured_media":0,"parent":1013,"menu_order":0,"comment_status":"closed","ping_status":"closed","template":"","meta":{"footnotes":""},"class_list":["post-1024","page","type-page","status-publish","hentry"],"acf":[],"_links":{"self":[{"href":"https:\/\/healthtourismcenterturkey.com\/tr_tr\/wp-json\/wp\/v2\/pages\/1024"}],"collection":[{"href":"https:\/\/healthtourismcenterturkey.com\/tr_tr\/wp-json\/wp\/v2\/pages"}],"about":[{"href":"https:\/\/healthtourismcenterturkey.com\/tr_tr\/wp-json\/wp\/v2\/types\/page"}],"author":[{"embeddable":true,"href":"https:\/\/healthtourismcenterturkey.com\/tr_tr\/wp-json\/wp\/v2\/users\/2"}],"replies":[{"embeddable":true,"href":"https:\/\/healthtourismcenterturkey.com\/tr_tr\/wp-json\/wp\/v2\/comments?post=1024"}],"version-history":[{"count":8,"href":"https:\/\/healthtourismcenterturkey.com\/tr_tr\/wp-json\/wp\/v2\/pages\/1024\/revisions"}],"predecessor-version":[{"id":2202,"href":"https:\/\/healthtourismcenterturkey.com\/tr_tr\/wp-json\/wp\/v2\/pages\/1024\/revisions\/2202"}],"up":[{"embeddable":true,"href":"https:\/\/healthtourismcenterturkey.com\/tr_tr\/wp-json\/wp\/v2\/pages\/1013"}],"wp:attachment":[{"href":"https:\/\/healthtourismcenterturkey.com\/tr_tr\/wp-json\/wp\/v2\/media?parent=1024"}],"curies":[{"name":"wp","href":"https:\/\/api.w.org\/{rel}","templated":true}]}}