{"id":1020,"date":"2020-07-30T18:19:34","date_gmt":"2020-07-30T18:19:34","guid":{"rendered":"http:\/\/healthtourismcenterturkey.com\/?page_id=1020"},"modified":"2022-03-24T19:04:12","modified_gmt":"2022-03-24T19:04:12","slug":"sakal-ekimi","status":"publish","type":"page","link":"https:\/\/healthtourismcenterturkey.com\/tr_tr\/sac-ekimi\/sakal-ekimi\/","title":{"rendered":"Sakal Ekimi"},"content":{"rendered":"<h1 class=\"vc_custom_heading font-weight-bold letter-spacing-1 vc_custom_1545750156204\">Sakal Ekimi Nedir? Nas\u0131l Yap\u0131l\u0131r?<\/h1>\n<p class=\"vc_custom_heading vc_custom_1545750208391\"><span style=\"font-size: 14pt;\">\u2022 Y\u00fczde sivilcelerin izleri kald\u0131\u011f\u0131nda ya da farkl\u0131 tipte yara bere izleri oldu\u011funda, bu izlerin kapanmas\u0131 veya kamufle edilmesi maksad\u0131 ile sakal ekim i\u015flemleri uygulanabilir. S\u00f6z konusu izler \u00e7enede, yanaklarda, b\u0131y\u0131k b\u00f6lgesinde ya da favori b\u00f6lgesinde de olu\u015fabilir. Bu izlerin ortadan kald\u0131r\u0131lmas\u0131 bu \u015fekilde m\u00fcmk\u00fcnd\u00fcr.<\/span><br \/>\n<span style=\"font-size: 14pt;\">\u2022 K\u0131l k\u00f6k\u00fc kay\u0131plar\u0131n\u0131n olu\u015ftu\u011fu durumlarda sakal ekim i\u015flemleri gerekli hale gelir. Bu k\u0131l k\u00f6k\u00fc kayb\u0131 \u00e7evresel nedenlerden dolay\u0131 olu\u015fabilece\u011fi gibi kal\u0131tsal olarak da ortaya \u00e7\u0131kabilir. Lazer epilasyon, i\u011fneli epilasyon, \u00e7e\u015fitli cerrahi operasyonlar ya da yan\u0131klar sonras\u0131nda k\u0131l k\u00f6klerinde deformasyon meydana gelebilir.<\/span><br \/>\n<span style=\"font-size: 14pt;\">\u2022 Ki\u015fi sadece k\u0131l k\u00f6k\u00fcn\u00fcn eksik oldu\u011fu yerleri tamamlamam maksad\u0131 ile de\u011fil, ayn\u0131 zamanda seyrek olan sakallar\u0131n\u0131n s\u0131kla\u015ft\u0131r\u0131lmas\u0131 i\u00e7in de sakal ekimi i\u015flemlerinden istifade edebilir. Yani burada tek sebep k\u0131l k\u00f6klerinin olmad\u0131\u011f\u0131 alanlar\u0131n sakallanmas\u0131 de\u011fil, mevcut sakall\u0131 alanlar\u0131n \u00e7ok daha s\u0131k ve ho\u015f g\u00f6r\u00fcnmesini sa\u011flamakt\u0131r.<\/span><\/p>\n<div class=\"wpb_single_image wpb_content_element vc_align_left vc_custom_1545750626109\">\n<figure class=\"wpb_wrapper vc_figure\">\n<div class=\"vc_single_image-wrapper vc_box_border_grey\"><img loading=\"lazy\" decoding=\"async\" class=\"alignnone size-full wp-image-2196\" src=\"https:\/\/healthtourismcenterturkey.com\/wp-content\/uploads\/2022\/03\/sakal-ekimi-oncesi-ve-sonrasi-min.png\" alt=\"\" width=\"800\" height=\"450\" srcset=\"https:\/\/healthtourismcenterturkey.com\/wp-content\/uploads\/2022\/03\/sakal-ekimi-oncesi-ve-sonrasi-min.png 800w, https:\/\/healthtourismcenterturkey.com\/wp-content\/uploads\/2022\/03\/sakal-ekimi-oncesi-ve-sonrasi-min-300x169.png 300w, https:\/\/healthtourismcenterturkey.com\/wp-content\/uploads\/2022\/03\/sakal-ekimi-oncesi-ve-sonrasi-min-768x432.png 768w\" sizes=\"(max-width: 800px) 100vw, 800px\" \/><\/div>\n<\/figure>\n<\/div>\n<p class=\"vc_custom_heading vc_custom_1545750220080\"><span style=\"font-size: 14pt;\">Son y\u0131llarda giderek artan bir talep olarak sakal ekimi i\u015flemleri \u00f6n plana \u00e7\u0131k\u0131yor. Erkeklerin daha karizmatik ve daha yak\u0131\u015f\u0131kl\u0131 g\u00f6r\u00fcnmesini sa\u011flayan \u015fekilli ve sa\u011fl\u0131kl\u0131 sakallar, baz\u0131 durumlarda takviye ile ger\u00e7ekle\u015fir. \u00c7enede, yanaklarda, favori b\u00f6lgesinde ya da b\u0131y\u0131k k\u0131s\u0131mlar\u0131nda eksik, k\u00f6t\u00fc ya da sa\u011fl\u0131ks\u0131z sakal durumlar\u0131na \u00e7are olu\u015fturmas\u0131 amac\u0131 ile yapt\u0131r\u0131lan bu i\u015flemler, deneyimli uzmanlar taraf\u0131ndan ger\u00e7ekle\u015ftirilmelidir. \u00c7\u00fcnk\u00fc sakal ekimi hem tercih edilen metotlar\u0131 ile hem de kullan\u0131lan malzemeleri ile son derece \u00f6nemli ve hassas bir uygulama olarak g\u00f6r\u00fcl\u00fcr. Bundan dolay\u0131 da i\u015flemleri uygulayacak olan ekibin deneyimi, bilgi birikimi ve di\u011fer \u00f6zellikleri yeterli olmal\u0131d\u0131r.<\/span><\/p>\n<div class=\"rt-separator element-one\" data-separator-width=\"100%\" data-separator-color=\"#000000\" data-separator-background=\"#ffffff\" data-separator-direction=\"center\">\n<div class=\"block\">\n<div class=\"gap\"><\/div>\n<div class=\"bar\"><\/div>\n<\/div>\n<\/div>\n<p>&nbsp;<\/p>\n<h1 class=\"vc_custom_heading font-weight-semibold vc_custom_1545750237799\">Sakal Ekimi S\u0131ras\u0131nda Kullan\u0131lan K\u00f6k Say\u0131lar\u0131<\/h1>\n<p class=\"vc_custom_heading vc_custom_1545750249151\"><span style=\"font-size: 14pt;\">Sakal ekiminin y\u00fczdeki \u00e7e\u015fitli b\u00f6lgelere g\u00f6re uygulama esnas\u0131nda farkl\u0131l\u0131klar arz edebilece\u011fi a\u00e7\u0131kt\u0131r. Bu noktada kullan\u0131lacak olan k\u00f6k say\u0131lar\u0131na ili\u015fkin bilgiler de \u015fu \u015fekildedir;<\/span><\/p>\n<p class=\"vc_custom_heading vc_custom_1545750271785\"><span style=\"font-size: 14pt;\">\u2022 B\u0131y\u0131k b\u00f6lgesinde yakla\u015f\u0131k 350 ila 500 adet aras\u0131nda k\u0131l k\u00f6k\u00fc kullan\u0131l\u0131r<\/span><br \/>\n<span style=\"font-size: 14pt;\">\u2022 \u00c7ene b\u00f6lgesinde yakla\u015f\u0131k 600 ila 700 adet aras\u0131nda k\u0131l k\u00f6k\u00fc kullan\u0131l\u0131r<\/span><br \/>\n<span style=\"font-size: 14pt;\">\u2022 Favori b\u00f6lgesinde yakla\u015f\u0131k 200 ila 250 adet aras\u0131nda k\u0131l k\u00f6k\u00fc kullan\u0131l\u0131r<\/span><br \/>\n<span style=\"font-size: 14pt;\">\u2022 Yanak b\u00f6lgesinde yakla\u015f\u0131k 300 ila 700 adet aras\u0131nda k\u0131l k\u00f6k\u00fc kullan\u0131l\u0131r<\/span><\/p>\n<div class=\"vc_row wpb_row vc_inner vc_row-fluid vc_custom_1545478509233\">\n<div class=\"wpb_column vc_column_container vc_col-sm-12 vc_col-has-fill\">\n<div class=\"vc_column-inner vc_custom_1545478117371\">\n<div class=\"wpb_wrapper\">\n<p>&nbsp;<\/p>\n<h1 class=\"vc_custom_heading vc_custom_1545750547162\">Sakal Ekimi Uygulamalar\u0131 i\u00e7in Dikkat Edilecek Noktalar<\/h1>\n<p class=\"vc_custom_heading vc_custom_1545750326219\"><span style=\"font-size: 14pt;\">\u2022 Sakal ekimi operasyonlar\u0131 i\u00e7in lokal anestezi ve sedasyon uygulamalar\u0131 yap\u0131l\u0131r.<\/span><br \/>\n<span style=\"font-size: 14pt;\">\u2022 Sakal ekimi i\u015flemleri, yap\u0131lan i\u015flemin hassasiyeti, yeri ve \u00f6zelli\u011fine g\u00f6re 2 ila 5 saat aras\u0131nda de\u011fi\u015fen bir s\u00fcrede tamamlan\u0131r.<\/span><br \/>\n<span style=\"font-size: 14pt;\">\u2022 Sakal ekimi a\u011fr\u0131s\u0131z bir operasyondur, genel anlamda \u00f6nemli bir a\u011fr\u0131n\u0131n ya\u015fanmayaca\u011f\u0131 a\u015fikard\u0131r.<\/span><br \/>\n<span style=\"font-size: 14pt;\">\u2022 Uygulaman\u0131n ard\u0131ndan sakal ekimi yap\u0131lan noktalar\u0131n etraf\u0131nda ufak tefek kabuklar g\u00f6zlemlenebilir. Bu kabuklar normaldir ve zaman i\u00e7inde iyile\u015fecektir.<\/span><br \/>\n<span style=\"font-size: 14pt;\">\u2022 Sakal ekimin yap\u0131ld\u0131\u011f\u0131 alan mutlaka kuru tutulmak zorundad\u0131r. \u00dcstelik bu alan akla geldi\u011finde ellenmemeli, bu nedenle elin y\u00fcz ile temas\u0131 belli bir d\u00f6nem kesilmelidir.<\/span><\/p>\n<\/div>\n<\/div>\n<\/div>\n<\/div>\n<p class=\"vc_custom_heading vc_custom_1545750359238\"><span style=\"font-size: 14pt;\">Her t\u0131bbi i\u015flemde oldu\u011fu gibi, sakal ekimi i\u00e7in de baz\u0131 unsurlar i\u015fin p\u00fcf noktalar\u0131n\u0131 olu\u015fturur. Operasyonun ard\u0131ndan yap\u0131lacak i\u015flemlerin nas\u0131l olmas\u0131 gerekti\u011fi, operasyon esnas\u0131nda ya da \u00f6ncesinde ne tip i\u015flemlerin ortaya konulaca\u011f\u0131 gibi \u00e7e\u015fitli noktalar dikkat \u00e7eker. Bu bilgilerin de hasta ile konu\u015fulmas\u0131 ve ard\u0131ndan operasyon s\u00fcrecinin ba\u015flat\u0131lmas\u0131 \u00f6nemlidir.<\/span><\/p>\n<div class=\"rt-separator element-one\" data-separator-width=\"100%\" data-separator-color=\"#000000\" data-separator-background=\"#ffffff\" data-separator-direction=\"center\">\n<div class=\"block\">\n<div class=\"gap\"><\/div>\n<div class=\"bar\"><\/div>\n<\/div>\n<\/div>\n<p>&nbsp;<\/p>\n<h1 class=\"vc_custom_heading font-weight-semibold vc_custom_1545750387199\">Sakal Ekimi \u0130\u015flemleri Nas\u0131l Uygulan\u0131r?<\/h1>\n<p class=\"vc_custom_heading vc_custom_1545750405928\"><span style=\"font-size: 14pt;\">Hemen hemen pek \u00e7ok erke\u011fin hayat\u0131 boyunca en az bir defa d\u00fc\u015f\u00fcnd\u00fc\u011f\u00fc ve bu konuda giri\u015fimlerde bulunmak istedi\u011fi sakal ekimi i\u015flemleri, uzmanlar taraf\u0131ndan uygulama \u00f6ncesinde hastalara anlat\u0131l\u0131r. Bu \u015fekilde iki taraf da kar\u015f\u0131l\u0131kl\u0131 olarak neler ile kar\u015f\u0131la\u015faca\u011f\u0131n\u0131 bu anlat\u0131m sonucunda bilip teyit etmi\u015f olur.<\/span><\/p>\n<p class=\"vc_custom_heading vc_custom_1545750426216\"><span style=\"font-size: 14pt;\">\u2022 Nakledilecek olan k\u0131l k\u00f6klerinin uygun b\u00f6lgeden toplanmas\u0131 sa\u011flan\u0131r. Bu k\u0131l k\u00f6k\u00fc toplama (alma) i\u015flemi daha \u00e7ok ense b\u00f6lgesinden ya da \u015fakaklardan yap\u0131l\u0131r. Burada karar vermek i\u00e7in ekim b\u00f6lgesinin neresi olaca\u011f\u0131 \u00f6ne \u00e7\u0131kar. Yani doktor, sakal ekimini y\u00fcz\u00fcn hangi b\u00f6lgesine yapacaksa oradaki k\u0131l \u00f6zelliklerine g\u00f6re k\u0131l k\u00f6klerinin enseden mi, yoksa \u015fakaklardan m\u0131 al\u0131naca\u011f\u0131na karar verir. Hangi b\u00f6lgedeki k\u0131llar birbirine daha \u00e7ok benziyor ise buralardaki se\u00e7enekler de\u011ferlendirilir.<\/span><br \/>\n<span style=\"font-size: 14pt;\">\u2022 Sa\u00e7 ekimi ile sakal ekimi belli bir konuda \u00e7ak\u0131\u015f\u0131r. Ayn\u0131 ki\u015finin farkl\u0131 zamanlarda hem sakal ekimi, hem de sa\u00e7 ekimi talebinde bulunmas\u0131 k\u0131l k\u00f6klerinin al\u0131nd\u0131\u011f\u0131 sahan\u0131n ayn\u0131 olmas\u0131 sebebi ile baz\u0131 durumlara yol a\u00e7abilir. \u0130lk olarak sakal ekimi yapt\u0131ran, daha sonra sa\u00e7 ekimi talebinde bulunan kimseler i\u00e7in sa\u00e7 ekimi ad\u0131na toplanan k\u0131l k\u00f6klerinin say\u0131s\u0131 azalabilir. Bu nedenle de sakal ektirme niyeti ile uzmanlara dan\u0131\u015fan ki\u015filerin ileride sa\u00e7 ektirip ektirmeyece\u011fine y\u00f6nelin kafas\u0131nda olu\u015fan fikirler varsa uzmanlar ile payla\u015fmak \u00f6nemlidir.<\/span><br \/>\n<span style=\"font-size: 14pt;\">\u2022 Sakal ekiminin en \u00e7ok dikkat isteyen noktas\u0131 ekilen k\u0131l k\u00f6klerinin a\u00e7\u0131lar\u0131n\u0131n ve y\u00f6nlerinin iyi ayarlanmas\u0131, renk da\u011f\u0131l\u0131mlar\u0131n\u0131n do\u011fru yap\u0131lmas\u0131d\u0131r. Bu sayede sakal yap\u0131s\u0131 do\u011fru ve g\u00fczel bir g\u00f6r\u00fcn\u00fcm al\u0131rken, ekilmi\u015f alan\u0131n da farkl\u0131 bir etki veya g\u00f6r\u00fcnt\u00fc sunmayaca\u011f\u0131 da a\u015fikard\u0131r. Ancak bu i\u015flemi tecr\u00fcbeli ve yetenekli uzmanlar hassas bir bi\u00e7imde yapmal\u0131lard\u0131r.<\/span><\/p>\n<div class=\"rt-separator element-one\" data-separator-width=\"100%\" data-separator-color=\"#000000\" data-separator-background=\"#ffffff\" data-separator-direction=\"center\">\n<div class=\"block\">\n<div class=\"gap\"><\/div>\n<div class=\"bar\"><\/div>\n<\/div>\n<\/div>\n<p>&nbsp;<\/p>\n<h1 class=\"vc_custom_heading font-weight-semibold vc_custom_1545750444079\">Sakal Ekim \u0130\u015flemi Sonras\u0131ndaki S\u00fcre\u00e7<\/h1>\n<p class=\"vc_custom_heading vc_custom_1545750462771\"><span style=\"font-size: 14pt;\">Sakal ekimi i\u015flemlerinin ard\u0131ndan baz\u0131 konulara ayr\u0131ca dikkat etmek \u00f6nemlidir. \u00c7\u00fcnk\u00fc h\u0131zl\u0131 ve tam iyile\u015fme halinin ortaya konmas\u0131 i\u00e7in sakal ekimi i\u015flemlerinin ard\u0131ndan uzmanlar\u0131n tavsiyeleri dinlenmelidir.<\/span><\/p>\n<p class=\"vc_custom_heading vc_custom_1545750479020\"><span style=\"font-size: 14pt;\">\u2022 Uygulama sonras\u0131ndaki ilk 10 g\u00fcn i\u00e7inde t\u0131ra\u015f olunmamas\u0131 gerekir. Bu nedenle de uzayacak olan sakallar d\u00fc\u015f\u00fcn\u00fclerek e\u011fer gerekiyor ise i\u015f yerinde ya da sosyal \u00e7evrede bu duruma \u00f6nlem al\u0131nmal\u0131, gereken d\u00fczenlemeler yap\u0131lmal\u0131d\u0131r.<\/span><br \/>\n<span style=\"font-size: 14pt;\">\u2022 Uygulama sonras\u0131ndaki ikinci g\u00fcn, \u00e7ok da zorlay\u0131c\u0131 \u00f6zelliklerde olmayan bir tak\u0131m fiziksel aktiviteler yap\u0131labilir. \u0130lk g\u00fcn tam bir dinlenme sa\u011flanmas\u0131, ikinci g\u00fcnden itibaren ufak ufak normal hayata d\u00f6n\u00fc\u015f manevralar\u0131 yap\u0131labilir.<\/span><br \/>\n<span style=\"font-size: 14pt;\">\u2022 \u0130lk 4 ya da 5 g\u00fcn ameliyat izleri belli olacakt\u0131r, yani sakal ekimi uygulamas\u0131ndan izler tam iyile\u015fme durumuna bu g\u00fcnlerde girmeyecektir.<\/span><br \/>\n<span style=\"font-size: 14pt;\">\u2022 Sakal ekimi esnas\u0131nda ekilen k\u0131l k\u00f6klerinin 2 hafta i\u00e7inde d\u00f6k\u00fclmesi normaldir. Bu durum kimseye endi\u015fe vermemelidir. \u00c7\u00fcnk\u00fc sakallar 3 ay sonras\u0131nda yeniden uzamaya ba\u015flayacakt\u0131r.<\/span><br \/>\n<span style=\"font-size: 14pt;\">\u2022 Uzman tavsiyelerine uyarak uygulama sonras\u0131ndaki bak\u0131m i\u015flemleri yap\u0131lmal\u0131d\u0131r. Ancak bu \u015fekilde enfeksiyondan uzak durmak ve iz kalmas\u0131n\u0131 engellemek m\u00fcmk\u00fcn olur. Doktorun \u00f6nermedi\u011fi hi\u00e7bir i\u015flem yap\u0131lmamal\u0131, y\u00fcz ile temas etmemesi gereken unsurlar\u0131n y\u00fczden uzak durmas\u0131 gerekmektedir. Bu sayede iyi bir s\u00fcre\u00e7 ge\u00e7irilebilir.<\/span><\/p>\n<p>&nbsp;<\/p>\n","protected":false},"excerpt":{"rendered":"<p>Sakal Ekimi Nedir? Nas\u0131l Yap\u0131l\u0131r? \u2022 Y\u00fczde sivilcelerin izleri kald\u0131\u011f\u0131nda ya da farkl\u0131 tipte yara bere izleri oldu\u011funda, bu izlerin kapanmas\u0131 veya kamufle edilmesi maksad\u0131 ile sakal ekim i\u015flemleri uygulanabilir. S\u00f6z konusu izler \u00e7enede, yanaklarda, b\u0131y\u0131k b\u00f6lgesinde ya da favori b\u00f6lgesinde de olu\u015fabilir. Bu izlerin ortadan kald\u0131r\u0131lmas\u0131 bu \u015fekilde m\u00fcmk\u00fcnd\u00fcr. \u2022 K\u0131l k\u00f6k\u00fc kay\u0131plar\u0131n\u0131n olu\u015ftu\u011fu [&hellip;]<\/p>\n","protected":false},"author":2,"featured_media":0,"parent":1013,"menu_order":0,"comment_status":"closed","ping_status":"closed","template":"","meta":{"footnotes":""},"class_list":["post-1020","page","type-page","status-publish","hentry"],"acf":[],"_links":{"self":[{"href":"https:\/\/healthtourismcenterturkey.com\/tr_tr\/wp-json\/wp\/v2\/pages\/1020"}],"collection":[{"href":"https:\/\/healthtourismcenterturkey.com\/tr_tr\/wp-json\/wp\/v2\/pages"}],"about":[{"href":"https:\/\/healthtourismcenterturkey.com\/tr_tr\/wp-json\/wp\/v2\/types\/page"}],"author":[{"embeddable":true,"href":"https:\/\/healthtourismcenterturkey.com\/tr_tr\/wp-json\/wp\/v2\/users\/2"}],"replies":[{"embeddable":true,"href":"https:\/\/healthtourismcenterturkey.com\/tr_tr\/wp-json\/wp\/v2\/comments?post=1020"}],"version-history":[{"count":7,"href":"https:\/\/healthtourismcenterturkey.com\/tr_tr\/wp-json\/wp\/v2\/pages\/1020\/revisions"}],"predecessor-version":[{"id":2201,"href":"https:\/\/healthtourismcenterturkey.com\/tr_tr\/wp-json\/wp\/v2\/pages\/1020\/revisions\/2201"}],"up":[{"embeddable":true,"href":"https:\/\/healthtourismcenterturkey.com\/tr_tr\/wp-json\/wp\/v2\/pages\/1013"}],"wp:attachment":[{"href":"https:\/\/healthtourismcenterturkey.com\/tr_tr\/wp-json\/wp\/v2\/media?parent=1020"}],"curies":[{"name":"wp","href":"https:\/\/api.w.org\/{rel}","templated":true}]}}