{"id":1371,"date":"2020-08-30T10:57:52","date_gmt":"2020-08-30T10:57:52","guid":{"rendered":"http:\/\/healthtourismcenterturkey.com\/?page_id=1371"},"modified":"2020-09-12T17:11:45","modified_gmt":"2020-09-12T17:11:45","slug":"bebeklerde-katarakt","status":"publish","type":"page","link":"https:\/\/healthtourismcenterturkey.com\/de\/goz-ameliyatlari\/goz-hastaliklari\/bebeklerde-katarakt\/","title":{"rendered":"Katarakt bei S\u00e4uglingen"},"content":{"rendered":"<div class=\"row pt-80\">\n<div class=\"col-12 col-lg-6\">\n<h1 class=\"font__family-montserrat font__size-28 line__height-32 text-uppercase mb-35\"><\/h1>\n<p class=\"brk-dark-font-color font__size-16 font__weight-normal line__height-26 mb-10\"><span style=\"font-size: 14pt;\">Die Pupille ist der Name f\u00fcr den schwarzen Bereich in der Mitte des farbigen Teils des Auges. Bei allen gesunden S\u00e4uglingen, Kindern und Erwachsenen hat die Pupille eine schwarze Farbe. Wenn die Pupille verschiedene Farben wie Wei\u00df, Grau und Gelb annimmt, kann dies bei S\u00e4uglingen und Kindern auf bedeutende Augenkrankheiten hinweisen.<\/span><\/p>\n<h3 class=\"brk-dark-font-color font__size-16 font__weight-normal line__height-26\"><span class=\"font__weight-light\">Wei\u00dfheit der Pupille bei S\u00e4uglingen und Kindern: Bei welchen Krankheiten tritt sie auf?<\/span><\/h3>\n<p class=\"brk-dark-font-color font__size-16 font__weight-normal line__height-26 mb-10\"><span style=\"font-size: 14pt;\">Die Wei\u00dfheit der Pupille bei S\u00e4uglingen und Kindern kann durch verschiedene Augenkrankheiten verursacht werden. Unter den Ursachen f\u00fcr die Wei\u00dfheit der Pupille ist der Katarakt die h\u00e4ufigste Erkrankung. Weitere zu beachtende Faktoren sind Augentumoren, Augeninfektionen, Entwicklungsst\u00f6rungen und andere Elemente.<\/span><\/p>\n<h1 class=\"brk-dark-font-color font__size-16 font__weight-normal line__height-26\"><span class=\"font__weight-light\">Katarakt bei S\u00e4uglingen und Kindern<\/span><\/h1>\n<p class=\"brk-dark-font-color font__size-16 font__weight-normal line__height-26 mb-10\"><span style=\"font-size: 14pt;\">Bei S\u00e4uglingen gibt es eine Form des Katarakts, die als kongenitaler Katarakt bezeichnet wird. Neben diesem Typ k\u00f6nnen auch verschiedene Traumata und metabolische Probleme zur Entwicklung eines Katarakts f\u00fchren. Wenn eine fr\u00fchzeitige Diagnose nicht erfolgt, kann dies zu Sehverlust, unkontrollierten Augenbewegungen und Schielproblemen f\u00fchren.<\/span><\/p>\n<p>&nbsp;<\/p>\n<h1 class=\"brk-dark-font-color font__size-16 font__weight-normal line__height-26\"><span class=\"font__weight-light\">Augentumoren bei S\u00e4uglingen und Kindern<\/span><\/h1>\n<p class=\"brk-dark-font-color font__size-16 font__weight-normal line__height-26 mb-10\"><span style=\"font-size: 14pt;\">Neben vielen Augentumoren k\u00f6nnen auch maligne (b\u00f6sartige) Augentumoren, die als Retinoblastom bezeichnet werden, ein Zeichen f\u00fcr die Wei\u00dfheit der Pupille sein.<\/span><\/p>\n<h1 class=\"brk-dark-font-color font__size-16 font__weight-normal line__height-26\"><span class=\"font__weight-light\">Augeninfektionen<\/span><\/h1>\n<p class=\"brk-dark-font-color font__size-16 font__weight-normal line__height-26 mb-10\"><span style=\"font-size: 14pt;\">Infektionen, die durch verschiedene Pathogene (Viren, Bakterien, Parasiten) verursacht werden, k\u00f6nnen ebenfalls zur Wei\u00dfheit der Pupille f\u00fchren.<\/span><\/p>\n<\/div>\n<div class=\"col-12 col-lg-6\"><img loading=\"lazy\" decoding=\"async\" class=\"alignnone size-full wp-image-1585\" src=\"http:\/\/healthtourismcenterturkey.com\/wp-content\/uploads\/2020\/09\/585x678_20.jpg\" alt=\"\" width=\"585\" height=\"678\" srcset=\"https:\/\/healthtourismcenterturkey.com\/wp-content\/uploads\/2020\/09\/585x678_20.jpg 585w, https:\/\/healthtourismcenterturkey.com\/wp-content\/uploads\/2020\/09\/585x678_20-259x300.jpg 259w\" sizes=\"(max-width: 585px) 100vw, 585px\" \/><\/div>\n<\/div>\n<div class=\"overflow-hid position-static position-lg-relative pb-100\">\n<p>&nbsp;<\/p>\n<h1 class=\"brk-dark-font-color font__size-16 font__weight-normal line__height-26\"><span class=\"font__weight-light\">Entwicklungsst\u00f6rungen bei S\u00e4uglingen und Kleinkindern<\/span><\/h1>\n<p class=\"brk-dark-font-color font__size-16 font__weight-normal line__height-26 mb-10\"><span style=\"font-size: 14pt;\">Unser Sehverm\u00f6gen, das durch das Auge vermittelt wird, entwickelt sich w\u00e4hrend der Schwangerschaft. Medikamente, metabolische Probleme, Fr\u00fchgeburten und \u00e4hnliche Faktoren w\u00e4hrend der Schwangerschaft k\u00f6nnen schwerwiegende Anomalien im Auge verursachen.<\/span><\/p>\n<h1 class=\"brk-dark-font-color font__size-16 font__weight-normal line__height-26\"><span class=\"font__weight-light\">Andere Krankheiten, die zur Aufhellung der Pupille bei S\u00e4uglingen und Kleinkindern f\u00fchren k\u00f6nnen<\/span><\/h1>\n<p class=\"brk-dark-font-color font__size-16 font__weight-normal line__height-26 mb-10\"><span style=\"font-size: 14pt;\">Probleme mit der Nervenhaut des Auges, St\u00f6rungen der kapillaren Blutgef\u00e4\u00dfe im Auge, innere Blutungen und viele weitere Faktoren k\u00f6nnen ebenfalls zur Aufhellung der Pupille f\u00fchren.<\/span><\/p>\n<\/div>\n<p>&nbsp;<\/p>","protected":false},"excerpt":{"rendered":"<p>G\u00f6z bebe\u011fi, g\u00f6z\u00fcn renkli k\u0131sm\u0131n\u0131n ortas\u0131ndaki siyah k\u0131sma verilen isimdir. Sa\u011fl\u0131kl\u0131 t\u00fcm bebeklerde, \u00e7ocuklarda ve yeti\u015fkinlerde g\u00f6z bebe\u011fi siyah renktedir. G\u00f6zbebe\u011finin farkl\u0131 renkler olan beyaz, gri ve sar\u0131 vb. renklere d\u00f6n\u00fc\u015fmesi bebek ve \u00e7ocuklarda \u00f6nemli g\u00f6z hastal\u0131klar\u0131n\u0131n habercisi olabilir. Bebeklerde ve \u00c7ocuklarda G\u00f6z Bebe\u011fi Beyazl\u0131\u011f\u0131 Hangi Hastal\u0131klarda Olu\u015fur? Bebeklerde ve \u00e7ocuklarda g\u00f6z bebe\u011fi beyazl\u0131\u011f\u0131 \u00e7e\u015fitli [&hellip;]<\/p>","protected":false},"author":2,"featured_media":0,"parent":1292,"menu_order":0,"comment_status":"closed","ping_status":"closed","template":"","meta":{"footnotes":""},"class_list":["post-1371","page","type-page","status-publish","hentry"],"acf":[],"_links":{"self":[{"href":"https:\/\/healthtourismcenterturkey.com\/de\/wp-json\/wp\/v2\/pages\/1371"}],"collection":[{"href":"https:\/\/healthtourismcenterturkey.com\/de\/wp-json\/wp\/v2\/pages"}],"about":[{"href":"https:\/\/healthtourismcenterturkey.com\/de\/wp-json\/wp\/v2\/types\/page"}],"author":[{"embeddable":true,"href":"https:\/\/healthtourismcenterturkey.com\/de\/wp-json\/wp\/v2\/users\/2"}],"replies":[{"embeddable":true,"href":"https:\/\/healthtourismcenterturkey.com\/de\/wp-json\/wp\/v2\/comments?post=1371"}],"version-history":[{"count":10,"href":"https:\/\/healthtourismcenterturkey.com\/de\/wp-json\/wp\/v2\/pages\/1371\/revisions"}],"predecessor-version":[{"id":1867,"href":"https:\/\/healthtourismcenterturkey.com\/de\/wp-json\/wp\/v2\/pages\/1371\/revisions\/1867"}],"up":[{"embeddable":true,"href":"https:\/\/healthtourismcenterturkey.com\/de\/wp-json\/wp\/v2\/pages\/1292"}],"wp:attachment":[{"href":"https:\/\/healthtourismcenterturkey.com\/de\/wp-json\/wp\/v2\/media?parent=1371"}],"curies":[{"name":"wp","href":"https:\/\/api.w.org\/{rel}","templated":true}]}}