{"id":1361,"date":"2020-08-30T10:15:25","date_gmt":"2020-08-30T10:15:25","guid":{"rendered":"http:\/\/healthtourismcenterturkey.com\/?page_id=1361"},"modified":"2020-09-12T16:59:09","modified_gmt":"2020-09-12T16:59:09","slug":"sasilik","status":"publish","type":"page","link":"https:\/\/healthtourismcenterturkey.com\/de\/goz-ameliyatlari\/goz-hastaliklari\/sasilik\/","title":{"rendered":"Schielen"},"content":{"rendered":"<div class=\"row pt-80\">\n<div class=\"col-12 col-lg-6\">\n<h1 class=\"font__family-montserrat font__size-28 line__height-32 text-uppercase mb-35\"><span class=\"font__weight-light\">Behandlung des Schielens<\/span><\/h1>\n<p class=\"brk-dark-font-color font__size-16 font__weight-normal line__height-26 mb-10\"><span style=\"font-size: 14pt;\">Das Auge ist unser Sehorgan und weist in Bezug auf den gesamten K\u00f6rper eine komplexere Struktur von Netzwerken, Blutgef\u00e4\u00dfen und Muskeln auf. Jedes Auge hat sechs Muskeln, die die horizontale und vertikale Bewegung unserer Augen erm\u00f6glichen.<\/span><\/p>\n<p class=\"brk-dark-font-color font__size-16 font__weight-normal line__height-26 mb-10\"><span style=\"font-size: 14pt;\">Schielen bezeichnet den Zustand, in dem die beiden Augen nicht parallel zueinander sind und auf unterschiedlichen ebenen Punkten ausgerichtet sind. Die Ursache liegt in einer ungleichen Kraftanwendung der \u00e4u\u00dferen Muskeln, die das Auge steuern.<\/span><\/p>\n<p class=\"brk-dark-font-color font__size-16 font__weight-normal line__height-26 mb-10\"><span style=\"font-size: 14pt;\">Schielen, umgangssprachlich auch als schiefes Auge bekannt, wird im Lateinischen als Strabismus bezeichnet.<\/span><\/p>\n<h2 class=\"brk-dark-font-color font__size-16 font__weight-normal line__height-26\"><span class=\"font__weight-light\">Anatomische Klassifikation des Schielens<\/span><\/h2>\n<p class=\"brk-dark-font-color font__size-16 font__weight-normal line__height-26 mb-10\"><span style=\"font-size: 14pt;\">Schielen kann in einigen F\u00e4llen vor\u00fcbergehend sein, w\u00e4hrend es in anderen F\u00e4llen zu dauerhaften Ergebnissen f\u00fchren kann. Manchmal zeigt nur ein Auge ein Schielen, manchmal sind auch beide Augen betroffen. In der anatomischen Klassifikation wird ein Auge als Referenzauge betrachtet:<\/span><\/p>\n<ul>\n<li class=\"brk-dark-font-color font__size-16 font__weight-normal line__height-26\"><span class=\"font__weight-light\" style=\"font-size: 14pt;\">\u00a0Esotropie: Das Auge driftet nach innen; ein Auge ist im Vergleich zum anderen weiter nach innen gerichtet.<\/span><\/li>\n<li class=\"brk-dark-font-color font__size-16 font__weight-normal line__height-26\"><span class=\"font__weight-light\" style=\"font-size: 14pt;\">\u00a0Exotropie: Das Auge driftet nach au\u00dfen; ein Auge ist im Vergleich zum anderen weiter nach au\u00dfen gerichtet.<\/span><\/li>\n<li class=\"brk-dark-font-color font__size-16 font__weight-normal line__height-26\"><span class=\"font__weight-light\" style=\"font-size: 14pt;\">\u00a0Hypotropie: In der nach unten gerichteten Abweichung (im Lateinischen als Hypotropie bezeichnet) ist das andere Auge im Vergleich zum Referenzauge tiefer positioniert.<\/span><\/li>\n<li class=\"brk-dark-font-color font__size-16 font__weight-normal line__height-26\"><span class=\"font__weight-light\" style=\"font-size: 14pt;\">\u00a0Hypertropie: In der nach oben gerichteten Abweichung (im Lateinischen als Hypertropie bezeichnet) ist das andere Auge im Vergleich zum Referenzauge h\u00f6her positioniert.<\/span><\/li>\n<\/ul>\n<\/div>\n<\/div>\n<div class=\"col-12 col-lg-6\"><\/div>\n<div><img loading=\"lazy\" decoding=\"async\" class=\"alignnone size-full wp-image-1549\" src=\"http:\/\/healthtourismcenterturkey.com\/wp-content\/uploads\/2020\/09\/585x678_2-16.jpg\" alt=\"\" width=\"585\" height=\"678\" srcset=\"https:\/\/healthtourismcenterturkey.com\/wp-content\/uploads\/2020\/09\/585x678_2-16.jpg 585w, https:\/\/healthtourismcenterturkey.com\/wp-content\/uploads\/2020\/09\/585x678_2-16-259x300.jpg 259w\" sizes=\"(max-width: 585px) 100vw, 585px\" \/><\/div>\n<div class=\"overflow-hid position-static position-lg-relative pb-100\">\n<h2 class=\"brk-dark-font-color font__size-16 font__weight-normal line__height-26\"><span class=\"font__weight-light\">Was verursacht Strabismus, und was sind die Gr\u00fcnde daf\u00fcr?<\/span><\/h2>\n<h3 class=\"brk-dark-font-color font__size-16 font__weight-normal line__height-26 mb-10\">Schielen entsteht nicht nur aus einem einzigen Grund, sondern kann durch mehrere Faktoren verursacht werden. Hier sind einige der h\u00e4ufigsten Ursachen:<\/h3>\n<ul>\n<li class=\"brk-dark-font-color font__size-16 font__weight-normal line__height-26\"><span class=\"font__weight-light\" style=\"font-size: 14pt;\">\u00a0Probleme w\u00e4hrend der Schwangerschaft: Komplikationen w\u00e4hrend der Schwangerschaft oder bei der Geburt.<\/span><\/li>\n<li class=\"brk-dark-font-color font__size-16 font__weight-normal line__height-26\"><span class=\"font__weight-light\" style=\"font-size: 14pt;\">\u00a0Familienanamnese: Eine genetische Veranlagung in der Familie kann das Risiko erh\u00f6hen.<\/span><\/li>\n<li class=\"brk-dark-font-color font__size-16 font__weight-normal line__height-26\"><span class=\"font__weight-light\" style=\"font-size: 14pt;\">\u00a0Entwicklungsst\u00f6rungen bei Kindern: Krankheiten oder St\u00f6rungen, die w\u00e4hrend der kindlichen Entwicklung auftreten.<\/span><\/li>\n<li class=\"brk-dark-font-color font__size-16 font__weight-normal line__height-26\"><span class=\"font__weight-light\" style=\"font-size: 14pt;\">\u00a0Alter von 2-3 Jahren und dar\u00fcber: Bei Kindern in diesem Alter sollte eine \u00dcberpr\u00fcfung auf Sehfehler erfolgen. Fieberhafte Erkrankungen: Ein erh\u00f6htes Risiko f\u00fcr Schielen kann nach fieberhaften Erkrankungen, St\u00fcrzen, Operationen oder Unf\u00e4llen bestehen.<\/span><\/li>\n<li class=\"brk-dark-font-color font__size-16 font__weight-normal line__height-26\"><span class=\"font__weight-light\" style=\"font-size: 14pt;\">\u00a0Kopftrauma: Eine Sch\u00e4digung im zentralen optischen Zentrum im Gehirn, das die Augenmuskeln steuert, kann durch Unf\u00e4lle oder Trauma entstehen.<\/span><\/li>\n<li class=\"brk-dark-font-color font__size-16 font__weight-normal line__height-26 mb-30\"><span class=\"font__weight-light\" style=\"font-size: 14pt;\">\u00a0Bluthochdruck: Hoher Blutdruck bei hypertensiven Patienten oder unkontrollierte Blutzuckerwerte bei Diabetikern k\u00f6nnen zu Sch\u00e4den im optischen Zentrum des Gehirns f\u00fchren.<\/span><\/li>\n<\/ul>\n<h2><span class=\"font__weight-light\">\u00a0\u015ea\u015f\u0131l\u0131k Belirtileri Nelerdir?<\/span><\/h2>\n<ul>\n<li class=\"brk-dark-font-color font__size-16 font__weight-normal line__height-26 mb-10\"><span style=\"font-size: 14pt;\">\u00a0\u015ea\u015f\u0131l\u0131\u011f\u0131n semptom olarak g\u00f6sterdi\u011fi, hastalar\u0131n doktorlarla konu\u015ftuklar\u0131nda en \u00e7ok ifade ettikleri belirtilere g\u00f6z atacak olursak;<\/span><\/li>\n<li class=\"brk-dark-font-color font__size-16 font__weight-normal line__height-26\"><span class=\"font__weight-light\" style=\"font-size: 14pt;\">\u00a0\u0130ki g\u00f6z i\u00e7in, g\u00f6zler aras\u0131 varolan simetrinin (yatary ve dikey eksende paralelli\u011fin) bozulmas\u0131 ve bu durumun fiziksel olarak farkedilmesi<\/span><\/li>\n<li class=\"brk-dark-font-color font__size-16 font__weight-normal line__height-26\"><span class=\"font__weight-light\" style=\"font-size: 14pt;\">\u00a0S\u0131kl\u0131kla ya da d\u00fczensiz aral\u0131klarla g\u00f6zlerin sulanmas\u0131<\/span><\/li>\n<li class=\"brk-dark-font-color font__size-16 font__weight-normal line__height-26\"><span class=\"font__weight-light\" style=\"font-size: 14pt;\">\u00a0G\u00f6zde a\u011fr\u0131 olu\u015fumu ve beyinde a\u011fr\u0131 olu\u015fumu<\/span><\/li>\n<li class=\"brk-dark-font-color font__size-16 font__weight-normal line__height-26\"><span class=\"font__weight-light\" style=\"font-size: 14pt;\">\u00a0Genel olarak nesneleri \u00e7ift g\u00f6rme durumunun olu\u015fmas\u0131 ya da 3D (\u00fc\u00e7 boyutlu) g\u00f6rme \u00f6zelli\u011finin azalmas\u0131 veya yok olmas\u0131<\/span><\/li>\n<li class=\"brk-dark-font-color font__size-16 font__weight-normal line__height-26 mb-20\"><span class=\"font__weight-light\" style=\"font-size: 14pt;\">\u00a0Nesneleri ve bireyleri flu ve bulan\u0131k g\u00f6rme \u015fa\u015f\u0131l\u0131k belirtileri aras\u0131nda en s\u0131k rastlanan belirtilerdir<\/span><\/li>\n<\/ul>\n<h2 class=\"brk-dark-font-color font__size-16 font__weight-normal line__height-26\"><span class=\"font__weight-light\">\u015ea\u015f\u0131l\u0131k \u00c7e\u015fitleri Nelerdir?<\/span><\/h2>\n<p class=\"brk-dark-font-color font__size-16 font__weight-normal line__height-26 mb-10\"><span style=\"font-size: 14pt;\">Toplumda g\u00f6r\u00fclen \u015fa\u015f\u0131l\u0131k \u00e7e\u015fitlerine genel olarak bak\u0131ld\u0131\u011f\u0131nda en s\u0131k g\u00f6r\u00fclenleri, Do\u011fumsal nedenlerle G\u00f6z kaymalar\u0131, Gizli \u015ea\u015f\u0131l\u0131k Durumu, G\u00f6zde k\u0131rma kusurlar\u0131na ba\u011fl\u0131 olarak geli\u015fen \u015fa\u015f\u0131l\u0131k, Fel\u00e7 geli\u015fimine ba\u011fl\u0131 ortaya \u00e7\u0131kan \u015ea\u015f\u0131l\u0131k, Yeti\u015fkin bireylerde g\u00f6r\u00fclen \u015ea\u015f\u0131l\u0131k ve \u00d6zel \u015ea\u015f\u0131l\u0131k olgular\u0131 olarak s\u0131n\u0131fland\u0131r\u0131labilmektedir.<\/span><\/p>\n<h2 class=\"brk-dark-font-color font__size-16 font__weight-normal line__height-26\"><span class=\"font__weight-light\">Do\u011fumsal (Konjenital) G\u00f6z Kaymas\u0131<\/span><\/h2>\n<p class=\"brk-dark-font-color font__size-16 font__weight-normal line__height-26\"><span style=\"font-size: 14pt;\">Genellikle do\u011fumun ilk aylar\u0131 ile ba\u015flay\u0131p, bir y\u0131la kadar belirgin \u00f6zellik kazanan G\u00f6z kaymalar\u0131 \u015ea\u015f\u0131l\u0131k \u00e7e\u015fitleri aras\u0131nda yer almaktad\u0131r. D\u00fczenli g\u00f6z hekimi kontrol\u00fc gerekti\u011finde tedavisi a\u00e7\u0131s\u0131ndan ve erken te\u015fhis a\u00e7\u0131s\u0131ndan \u00f6nem kazanmaktad\u0131r. Do\u011fum sonras\u0131 ilk aylarda g\u00f6z doktorunun detayl\u0131 g\u00f6z muayenesi ile Do\u011fumsal G\u00f6z Kaymalar\u0131 te\u015fhis edilebilmekte ve belirli aral\u0131klarla kontrol\u00fc istenebilmektedir.<\/span><\/p>\n<p class=\"brk-dark-font-color font__size-16 font__weight-normal line__height-26 mb-10\"><span style=\"font-size: 14pt;\">Bebeklerde genel olarak d\u00fc\u015f\u00fck ve orta d\u00fczeyde hipermetropi g\u00f6zlemlenebilece\u011finden, ailelerin \u015fa\u015f\u0131l\u0131k durumunu fiziksel olarak farkettiklerinde g\u00f6z sa\u011fl\u0131\u011f\u0131 i\u00e7in g\u00f6z doktoru kontrol\u00fcn\u00fc \u00f6ncelikler s\u0131ralamalar\u0131nda \u00f6ne almalar\u0131n\u0131 tavsiye ediyoruz.<\/span><\/p>\n<h2 class=\"brk-dark-font-color font__size-16 font__weight-normal line__height-26\"><span class=\"font__weight-light\">G\u00f6zde K\u0131rma Kusurlar\u0131na Ba\u011fl\u0131 Olarak Olu\u015fan \u015ea\u015f\u0131l\u0131k<\/span><\/h2>\n<p class=\"brk-dark-font-color font__size-16 font__weight-normal line__height-26 mb-10\"><span style=\"font-size: 14pt;\">Genel olarak g\u00f6zde olu\u015fan k\u0131rma kusuruna ba\u011fl\u0131 olarak 1-2 ya\u015flar\u0131nda ba\u015flamaktad\u0131r. \u0130leri derece hipermetrop olan \u00e7ocuklarda s\u0131k g\u00f6r\u00fclen ve belirtilerinde benzer \u00f6yk\u00fclerle anlat\u0131lan \u015ea\u015f\u0131l\u0131k t\u00fcr\u00fcd\u00fcr. Bu rahats\u0131zl\u0131kta \u015fa\u015f\u0131l\u0131k sorunu tam anlam\u0131yla ya da k\u0131smi olarak \u00e7\u00f6z\u00fcmlenebilmektedir. \u015ea\u015f\u0131l\u0131k aniden ba\u015flayabilmektedir. D\u00fc\u015fme ya da aniden y\u00fckselen ate\u015f vb. durumlardan \u015ea\u015f\u0131l\u0131k olu\u015fabilmektedir.<\/span><\/p>\n<h2 class=\"brk-dark-font-color font__size-16 font__weight-normal line__height-26\"><span class=\"font__weight-light\">Gizli \u015ea\u015f\u0131l\u0131k Nedir?<\/span><\/h2>\n<p class=\"brk-dark-font-color font__size-16 font__weight-normal line__height-26 mb-10\"><span style=\"font-size: 14pt;\">G\u00f6zlerden birinin kapat\u0131lmas\u0131 sonucu fiziksel olarak d\u0131\u015far\u0131dan g\u00f6zlemlenebilen \u015fa\u015f\u0131l\u0131k t\u00fcr\u00fcd\u00fcr. \u00dclkemizde insidans\u0131 olduk\u00e7a y\u00fcksek olan yani s\u0131kl\u0131kla g\u00f6zlemlebilen bir \u015fa\u015f\u0131l\u0131k t\u00fcr\u00fcd\u00fcr. Mekanik i\u015flevsellik dolay\u0131s\u0131 ile her iki g\u00f6z\u00fcn ayn\u0131 anda a\u00e7\u0131k oldu\u011fu durumlarda ay\u0131rt edilmesi ancak bir g\u00f6z hekimi taraf\u0131ndan ger\u00e7ekle\u015ftirilebilmektedir. Gizli \u015fa\u015f\u0131l\u0131k durumu olan hastalarda ayr\u0131ca k\u0131rma kusuru da varsa, \u015fikayetler daha \u00e7ok artmaktad\u0131r. \u00d6zellikle gizli \u015fa\u015f\u0131l\u0131k hastalar\u0131n\u0131n en \u00e7ok belirtti\u011fi durum kitap okuma s\u00fcresince olu\u015fan ba\u015f a\u011fr\u0131s\u0131 durumudur.<\/span><\/p>\n<h2 class=\"brk-dark-font-color font__size-16 font__weight-normal line__height-26\"><span class=\"font__weight-light\">Fel\u00e7 Durumuna Ba\u011fl\u0131 G\u00f6z Kaslar\u0131n\u0131n Etkilenmesi \u0130le Olu\u015fan \u015ea\u015f\u0131l\u0131k<\/span><\/h2>\n<p class=\"brk-dark-font-color font__size-16 font__weight-normal line__height-26 mb-10\"><span style=\"font-size: 14pt;\">Bebeklik d\u00f6neminde ya\u015fanan travma durumu, zor do\u011fum ve y\u00fcksek ate\u015f; sistemik rahats\u0131zl\u0131klardan Multipl skleroz hastal\u0131\u011f\u0131 vb. sinir sistemini etkileyen rahats\u0131zl\u0131klar\u0131 olanlar, kafa i\u00e7i t\u00fcm\u00f6rleri ve kistleri vb. durumlarda olu\u015fabilen \u015fa\u015f\u0131l\u0131k durumudur. Beyinde optik merkezi hask\u0131layan bu tip durumlarda hastalar genel olarak \u00e7ift g\u00f6rme probleminden \u015fikayet etmektedirler. K\u00fc\u00e7\u00fck ya\u015flarda ge\u00e7ici olan Fel\u00e7 durumuna ba\u011fl\u0131 olarak olu\u015fan \u015ea\u015f\u0131l\u0131k ge\u00e7ici olmakla birlikte, ergenlik ve yeti\u015fkinlik d\u00f6nemlerinde kal\u0131c\u0131 olabilmektedir.<\/span><\/p>\n<h2 class=\"brk-dark-font-color font__size-16 font__weight-normal line__height-26\"><span class=\"font__weight-light\">Yeti\u015fkinlerde G\u00f6z Kaymas\u0131<\/span><\/h2>\n<p class=\"brk-dark-font-color font__size-16 font__weight-normal line__height-26 mb-10\"><span style=\"font-size: 14pt;\">Daha \u00e7ok ergenlik ve yeti\u015fkinlik d\u00f6neminde g\u00f6r\u00fclen g\u00f6z kaymalar\u0131, genel olarak d\u0131\u015far\u0131 do\u011fru kayma (ekzotropya) olarak g\u00f6zlemlenmektedir. G\u00f6z i\u00e7ini hareket ettiren d\u0131\u015f kaslar\u0131n fazla \u00e7al\u0131\u015fmas\u0131 ya da i\u00e7 hareketi sa\u011flayan kaslar\u0131n az \u00e7al\u0131\u015fmas\u0131 sebebi ile olu\u015flabilmektedir.<\/span><\/p>\n<h2 class=\"brk-dark-font-color font__size-16 font__weight-normal line__height-26\"><span class=\"font__weight-light\">\u00d6zel \u015ea\u015f\u0131l\u0131k T\u00fcrleri<\/span><\/h2>\n<p class=\"brk-dark-font-color font__size-16 font__weight-normal line__height-26 mb-10\"><span style=\"font-size: 14pt;\">Baz\u0131 zamanlarda do\u011fum ile birlikte kaslarda i\u015flevsel (fonksiyonel) bozukluklara rastlanabilmektedir. Fonksiyonel sebeplerde olu\u015fan \u015fa\u015f\u0131l\u0131kta g\u00f6z tembelli\u011fi dikkat edilmesi gereken bir konudur.<\/span><\/p>\n<\/div>\n<p><\/br><\/br><\/p>","protected":false},"excerpt":{"rendered":"<p>\u015eA\u015eILIK TEDAV\u0130S\u0130 G\u00f6z, g\u00f6rme organ\u0131m\u0131z olmakla birlikte v\u00fccudumuzun geneline bak\u0131ld\u0131\u011f\u0131nda daha karma\u015f\u0131k bir a\u011f, damar ve kas yap\u0131s\u0131n\u0131 sahiptir. G\u00f6z d\u0131\u015f\u0131nda her g\u00f6z i\u00e7in bulunan 6 kas g\u00f6z\u00fcm\u00fcz\u00fcn yatay ve dikey eksende hareketi sa\u011flamaktad\u0131r. \u015ea\u015f\u0131l\u0131k ise, iki g\u00f6z\u00fcn d\u00fczlemsel olarak farkl\u0131 noktada olan, paralel durumda olmad\u0131klar\u0131 durum olarak ifade edilebilmektedir. Sebebi ise, her iki g\u00f6zde [&hellip;]<\/p>","protected":false},"author":2,"featured_media":0,"parent":1292,"menu_order":0,"comment_status":"closed","ping_status":"closed","template":"","meta":{"footnotes":""},"class_list":["post-1361","page","type-page","status-publish","hentry"],"acf":[],"_links":{"self":[{"href":"https:\/\/healthtourismcenterturkey.com\/de\/wp-json\/wp\/v2\/pages\/1361"}],"collection":[{"href":"https:\/\/healthtourismcenterturkey.com\/de\/wp-json\/wp\/v2\/pages"}],"about":[{"href":"https:\/\/healthtourismcenterturkey.com\/de\/wp-json\/wp\/v2\/types\/page"}],"author":[{"embeddable":true,"href":"https:\/\/healthtourismcenterturkey.com\/de\/wp-json\/wp\/v2\/users\/2"}],"replies":[{"embeddable":true,"href":"https:\/\/healthtourismcenterturkey.com\/de\/wp-json\/wp\/v2\/comments?post=1361"}],"version-history":[{"count":6,"href":"https:\/\/healthtourismcenterturkey.com\/de\/wp-json\/wp\/v2\/pages\/1361\/revisions"}],"predecessor-version":[{"id":1853,"href":"https:\/\/healthtourismcenterturkey.com\/de\/wp-json\/wp\/v2\/pages\/1361\/revisions\/1853"}],"up":[{"embeddable":true,"href":"https:\/\/healthtourismcenterturkey.com\/de\/wp-json\/wp\/v2\/pages\/1292"}],"wp:attachment":[{"href":"https:\/\/healthtourismcenterturkey.com\/de\/wp-json\/wp\/v2\/media?parent=1361"}],"curies":[{"name":"wp","href":"https:\/\/api.w.org\/{rel}","templated":true}]}}