{"id":1359,"date":"2020-08-30T10:15:11","date_gmt":"2020-08-30T10:15:11","guid":{"rendered":"http:\/\/healthtourismcenterturkey.com\/?page_id=1359"},"modified":"2020-09-04T22:33:54","modified_gmt":"2020-09-04T22:33:54","slug":"arpacik","status":"publish","type":"page","link":"https:\/\/healthtourismcenterturkey.com\/de\/goz-ameliyatlari\/goz-hastaliklari\/arpacik\/","title":{"rendered":"Gerstenentz\u00fcndung"},"content":{"rendered":"<div class=\"col-12 col-lg-6\">\n<div class=\"col-12 col-lg-6\">\n<h1 class=\"font__family-montserrat font__size-28 line__height-32 text-uppercase mb-35\"><span class=\"font__weight-light\">Behandlung der Gerstenkorn<\/span><\/h1>\n<p class=\"brk-dark-font-color font__size-16 font__weight-normal line__height-26 mb-10\"><span style=\"font-size: 14pt;\">In den Augenlidern befinden sich in der N\u00e4he der Wimpernwurzel die Talgdr\u00fcsen, die als Meibom-Dr\u00fcsen, Zeis-Dr\u00fcsen und Moll-Dr\u00fcsen bezeichnet werden. Eine Infektion dieser Dr\u00fcsen durch Bakterien f\u00fchrt zu einer Entz\u00fcndung, die im Lateinischen als Hordeolum bezeichnet wird und umgangssprachlich als Gerstenkorn bekannt ist.<\/span><\/p>\n<p>&nbsp;<\/p>\n<h2 class=\"brk-dark-font-color font__size-16 font__weight-normal line__height-26\"><span class=\"font__weight-light\">Ursachen des Gerstenkorns<\/span><\/h2>\n<p class=\"brk-dark-font-color font__size-16 font__weight-normal line__height-26 mb-10\"><span style=\"font-size: 14pt;\">Die Hauptursache f\u00fcr die Entstehung eines Gerstenkorns sind bakterielle Infektionen. Der h\u00e4ufigste Erreger ist Staphylococcus aureus. Bei verminderter K\u00f6rperabwehr, schwachem Immunsystem oder hormonellen Ver\u00e4nderungen tritt eine solche Infektion h\u00e4ufiger auf.<\/span><\/p>\n<h2 class=\"brk-dark-font-color font__size-16 font__weight-normal line__height-26\"><span class=\"font__weight-light\">Behandlung des Gerstenkorns<\/span><\/h2>\n<p class=\"brk-dark-font-color font__size-16 font__weight-normal line__height-26\"><span style=\"font-size: 14pt;\">Die Behandlung des Gerstenkorns erfolgt in der Regel mit antibiotischen Salben und Tropfen. Zus\u00e4tzlich wird empfohlen, dreimal t\u00e4glich f\u00fcr jeweils 10 Minuten warme Kompressen anzuwenden. In seltenen F\u00e4llen, wenn die Infektion sich ausbreitet und eine weitreichende Gewebeentz\u00fcndung verursacht, kann die Einnahme eines systemischen Antibiotikums und eines entz\u00fcndungshemmenden Medikaments erforderlich sein.<\/span><\/p>\n<\/div>\n<\/div>\n<div class=\"col-12 col-lg-6\"><\/div>\n<div><img loading=\"lazy\" decoding=\"async\" class=\"alignnone wp-image-1546\" src=\"http:\/\/healthtourismcenterturkey.com\/wp-content\/uploads\/2020\/09\/585x678_2-15.jpg\" alt=\"\" width=\"516\" height=\"598\" srcset=\"https:\/\/healthtourismcenterturkey.com\/wp-content\/uploads\/2020\/09\/585x678_2-15.jpg 585w, https:\/\/healthtourismcenterturkey.com\/wp-content\/uploads\/2020\/09\/585x678_2-15-259x300.jpg 259w\" sizes=\"(max-width: 516px) 100vw, 516px\" \/><\/div>\n<div><\/div>\n<p><\/br><\/br><\/p>","protected":false},"excerpt":{"rendered":"<p>ARPACIK TEDAV\u0130S\u0130 G\u00f6z kapaklar\u0131nda kirpik k\u00f6klerine yak\u0131n meibomian, zeis, moll olarak adland\u0131r\u0131lan ya\u011f \u00fcreten (sebase) bezler yer almaktad\u0131r. Bunlar\u0131n bakteriler taraf\u0131ndan enfekte olmas\u0131 sonucunda olu\u015fan enfeksiyona latince ad\u0131 hordeleum olan arpac\u0131k ad\u0131 verilmektedir. &nbsp; Arpac\u0131k Neden Olu\u015fur? Arpac\u0131k olu\u015fmas\u0131n\u0131n nedenini yaz\u0131m\u0131z\u0131n ba\u015f\u0131nda bakteri kaynakl\u0131 oldu\u011fundan bahsetmi\u015ftik. Arpac\u0131k enfeksiyonlar\u0131ndan en s\u0131k sebep olan bakteri t\u00fcrlerinden biri [&hellip;]<\/p>","protected":false},"author":2,"featured_media":0,"parent":1292,"menu_order":0,"comment_status":"closed","ping_status":"closed","template":"","meta":{"footnotes":""},"class_list":["post-1359","page","type-page","status-publish","hentry"],"acf":[],"_links":{"self":[{"href":"https:\/\/healthtourismcenterturkey.com\/de\/wp-json\/wp\/v2\/pages\/1359"}],"collection":[{"href":"https:\/\/healthtourismcenterturkey.com\/de\/wp-json\/wp\/v2\/pages"}],"about":[{"href":"https:\/\/healthtourismcenterturkey.com\/de\/wp-json\/wp\/v2\/types\/page"}],"author":[{"embeddable":true,"href":"https:\/\/healthtourismcenterturkey.com\/de\/wp-json\/wp\/v2\/users\/2"}],"replies":[{"embeddable":true,"href":"https:\/\/healthtourismcenterturkey.com\/de\/wp-json\/wp\/v2\/comments?post=1359"}],"version-history":[{"count":6,"href":"https:\/\/healthtourismcenterturkey.com\/de\/wp-json\/wp\/v2\/pages\/1359\/revisions"}],"predecessor-version":[{"id":1791,"href":"https:\/\/healthtourismcenterturkey.com\/de\/wp-json\/wp\/v2\/pages\/1359\/revisions\/1791"}],"up":[{"embeddable":true,"href":"https:\/\/healthtourismcenterturkey.com\/de\/wp-json\/wp\/v2\/pages\/1292"}],"wp:attachment":[{"href":"https:\/\/healthtourismcenterturkey.com\/de\/wp-json\/wp\/v2\/media?parent=1359"}],"curies":[{"name":"wp","href":"https:\/\/api.w.org\/{rel}","templated":true}]}}